{"id":4097,"date":"2026-08-29T23:17:37","date_gmt":"2026-08-29T20:17:37","guid":{"rendered":"https:\/\/vaylafestival.com\/fi\/?page_id=4097"},"modified":"2026-08-31T00:26:49","modified_gmt":"2026-08-30T21:26:49","slug":"pianistit-tunturissa","status":"publish","type":"page","link":"https:\/\/vaylafestival.com\/fi\/pianistit-tunturissa\/","title":{"rendered":"Pianistit Tunturissa"},"content":{"rendered":"\n<p class=\"wp-block-paragraph\" style=\"font-size:17px\"><em>Pianistit Tunturissa 30-vuotisjuhlakiertue tuo nuoret huippupianistit Lappiin ruskaviikolla! Perinteikk\u00e4\u00e4n pianotapahtuman konsertit j\u00e4rjestet\u00e4\u00e4n 13.\u201320.9.2026 Saarisel\u00e4ll\u00e4, Sodankyl\u00e4ss\u00e4, Pajalassa, Pellossa, Muonion K\u00e4tk\u00e4suvannossa ja \u00c4k\u00e4slompolossa. Esiintyjin\u00e4 kuullaan Lapissa debytoivia nuoria huippupianisteja <strong><a href=\"https:\/\/vaylafestival.com\/fi\/inara-duo\/\" data-type=\"page\" data-id=\"4167\" target=\"_blank\" rel=\"noopener\">Inara Duoa<\/a><\/strong> ja <strong><a href=\"https:\/\/vaylafestival.com\/fi\/samuel-eriksson\/\" data-type=\"page\" data-id=\"4163\" target=\"_blank\" rel=\"noopener\">Samuel Erikssonia<\/a><\/strong> sek\u00e4 heid\u00e4n rinnallaan tapahtuman taiteellisesta suunnittelusta vastaavaa maailmalla arvostettua suomalaispianistia\u00a0<strong><a href=\"https:\/\/vaylafestival.com\/fi\/paavali-jumppanen\/\" data-type=\"page\" data-id=\"4156\" target=\"_blank\" rel=\"noopener\">Paavali Jumppasta<\/a><\/strong>.<\/em><\/p>\n\n\n\n<p class=\"wp-block-paragraph\" style=\"font-size:17px\">Osaan konserteista on mahdollista ostaa etuk\u00e4teen liput <a href=\"https:\/\/www.eventim-light.com\/fi\/a\/642c1cb274232855f6788b6f\/\" data-type=\"link\" data-id=\"https:\/\/www.eventim-light.com\/fi\/a\/642c1cb274232855f6788b6f\/\" target=\"_blank\" rel=\"noopener\"><span style=\"text-decoration: underline;\">Lippupisteen<\/span><\/a> kautta. Tarkista lipunmyynnin tilanne kunkin konserttipaikan infon kohdalta.<\/p>\n\n\n\n<figure class=\"wp-block-image size-full\"><img loading=\"lazy\" decoding=\"async\" width=\"900\" height=\"611\" src=\"https:\/\/vaylafestival.com\/fi\/wp-content\/uploads\/2026\/08\/SMALL_Artististi_taustassa.png\" alt=\"\" class=\"wp-image-4099\" srcset=\"https:\/\/vaylafestival.com\/fi\/wp-content\/uploads\/2026\/08\/SMALL_Artististi_taustassa.png 900w, https:\/\/vaylafestival.com\/fi\/wp-content\/uploads\/2026\/08\/SMALL_Artististi_taustassa-300x204.png 300w, https:\/\/vaylafestival.com\/fi\/wp-content\/uploads\/2026\/08\/SMALL_Artististi_taustassa-768x521.png 768w\" sizes=\"auto, (max-width: 900px) 100vw, 900px\" \/><\/figure>\n\n\n\n<p class=\"has-small-font-size wp-block-paragraph\"><em>Kuvat: Maarit Kyt\u00f6harju \/ Tuomas Tenkanen \/ Anja Papuga<\/em><\/p>\n\n\n\n<hr class=\"wp-block-separator has-alpha-channel-opacity\"\/>\n\n\n\n<p class=\"wp-block-paragraph\" id=\"schedule\"><strong>KONSERTIT JA LIPUT<\/strong><\/p>\n\n\n\n<p class=\"wp-block-paragraph\"><strong>SU 13.9. Saariselk\u00e4, Pyh\u00e4n Paavalin kappeli klo 16<\/strong><br><em>Hensel, Mendelssohn, Brahms, Franck, Rimski-Korsakov<\/em><br>Sis\u00e4\u00e4np\u00e4\u00e4sy: Liput <a href=\"https:\/\/www.eventim-light.com\/fi\/a\/642c1cb274232855f6788b6f\/s\/664fffd375404221ed20c33d\" data-type=\"link\" data-id=\"https:\/\/www.eventim-light.com\/fi\/a\/642c1cb274232855f6788b6f\/s\/664fffd375404221ed20c33d\" target=\"_blank\" rel=\"noopener\"><span style=\"text-decoration: underline;\">Lippupisteest\u00e4<\/span><\/a> tai tuntia ennen ovelta, mik\u00e4li lippuja viel\u00e4 on: Aikuinen 20 e \/ El\u00e4kel\u00e4inen 15 e \/ lapset ilmaiseksi aikuisen seurassa<\/p>\n\n\n\n<p class=\"wp-block-paragraph\"><strong>MA 14.9. Sodankyl\u00e4, Seurakuntatalo klo 19<\/strong><br><em>Schubert, Chopin, \u0160ostakovit\u0161, Stravinsky, Liszt<\/em><br>Sis\u00e4\u00e4np\u00e4\u00e4sy: Liput <a href=\"https:\/\/www.eventim-light.com\/fi\/a\/642c1cb274232855f6788b6f\/e\/6a94468d022d5be5c765ba0c\" data-type=\"link\" data-id=\"https:\/\/www.eventim-light.com\/fi\/a\/642c1cb274232855f6788b6f\/e\/6a94468d022d5be5c765ba0c\" target=\"_blank\" rel=\"noopener\"><span style=\"text-decoration: underline;\">Lippupisteest\u00e4<\/span><\/a> tai tuntia ennen ovelta, mik\u00e4li lippuja viel\u00e4 on: Aikuinen 20 e \/ El\u00e4kel\u00e4inen 15 e \/ lapset ilmaiseksi aikuisen seurassa<\/p>\n\n\n\n<p class=\"wp-block-paragraph\"><strong>KE 16.9. Pajala, Pajalan kirkko klo 19 (Ruotsin aikaa)<\/strong><br><em>Debussy, Rimski-Korsakov, Tarkiainen, Sibelius, Ruohola, Mendelssohn<\/em><br>Sis\u00e4\u00e4np\u00e4\u00e4sy: Vapaa p\u00e4\u00e4sy<\/p>\n\n\n\n<p class=\"wp-block-paragraph\"><strong>TO 17.9. Pello, Pellon kirkko klo 18<\/strong><br><em>Stravinsky, Ruohola, Silvestrov, Mozart, Ravel, Liszt<\/em><br>Sis\u00e4\u00e4np\u00e4\u00e4sy: Vapaa p\u00e4\u00e4sy, ohjelma 15 e<\/p>\n\n\n\n<p class=\"wp-block-paragraph\"><strong>LA 19.9. Muonio,\u00a0Koutalahentie 25, K\u00e4tk\u00e4suvanto\u00a0klo 18<\/strong><br><em>Ravel, Chopin, Hensel, Rimski-Korsakov, Franck<\/em><br>Sis\u00e4\u00e4np\u00e4\u00e4sy: Vapaa p\u00e4\u00e4sy, ohjelma 15 e<\/p>\n\n\n\n<p class=\"wp-block-paragraph\"><strong>SU 20.9. Kolari, \u00c4k\u00e4slompolo, Pyh\u00e4n Laurin kappeli klo 15<\/strong><br><em>Franck, Schubert, Mendelssohn, Chopin, Debussy, Rimski-Korsakov<\/em><br>Sis\u00e4\u00e4np\u00e4\u00e4sy: Liput <a href=\"https:\/\/www.eventim-light.com\/fi\/a\/642c1cb274232855f6788b6f\/e\/6a944b92022d5be5c765ba14\" data-type=\"link\" data-id=\"https:\/\/www.eventim-light.com\/fi\/a\/642c1cb274232855f6788b6f\/e\/6a944b92022d5be5c765ba14\" target=\"_blank\" rel=\"noopener\"><span style=\"text-decoration: underline;\">Lippupisteest\u00e4<\/span><\/a> tai tuntia ennen ovelta, mik\u00e4li lippuja viel\u00e4 on: Aikuinen 20 e \/ El\u00e4kel\u00e4inen 15 e \/ lapset ilmaiseksi aikuisen seurassa<\/p>\n\n\n\n<p class=\"wp-block-paragraph\"><strong>Peter Eicherin mestarikurssi<\/strong><br>18. &amp; 19.9. Muonio, Koutalahentie 25, K\u00e4tk\u00e4suvanto<br>Kellonajoista tiedotetaan syyskuun toisella viikolla.<br>Sis\u00e4\u00e4np\u00e4\u00e4sy: Vapaa p\u00e4\u00e4sy<br><\/p>\n\n\n\n<figure class=\"wp-block-image size-full\"><img loading=\"lazy\" decoding=\"async\" width=\"900\" height=\"263\" src=\"https:\/\/vaylafestival.com\/fi\/wp-content\/uploads\/2026\/08\/SMALL_Tapahtumapaikat_taustassa.png\" alt=\"\" class=\"wp-image-4100\" srcset=\"https:\/\/vaylafestival.com\/fi\/wp-content\/uploads\/2026\/08\/SMALL_Tapahtumapaikat_taustassa.png 900w, https:\/\/vaylafestival.com\/fi\/wp-content\/uploads\/2026\/08\/SMALL_Tapahtumapaikat_taustassa-300x88.png 300w, https:\/\/vaylafestival.com\/fi\/wp-content\/uploads\/2026\/08\/SMALL_Tapahtumapaikat_taustassa-768x224.png 768w\" sizes=\"auto, (max-width: 900px) 100vw, 900px\" \/><\/figure>\n\n\n\n<hr class=\"wp-block-separator has-alpha-channel-opacity\"\/>\n\n\n\n<p class=\"wp-block-paragraph\"><strong>HISTORIA<\/strong><\/p>\n\n\n\n<p class=\"wp-block-paragraph\">Pianistit Tunturissa -tapahtuman perusti muoniolainen kulttuuripersoona, rovasti <strong>Vilho V\u00e4h\u00e4sarja<\/strong> vuonna 1996. Taiteellisena johtajana toimi 1996\u20132013 Karlsruhen musiikkikorkeakoulun professori <strong>Peter Eicher<\/strong> Saksasta. Professori Eicher vierailee my\u00f6s t\u00e4m\u00e4n vuoden tapahtumassa ja pit\u00e4\u00e4 kiertueen nuorille pianisteille mestarikurssin K\u00e4tk\u00e4suvannossa. Vuodesta 2016 l\u00e4htien taiteellisena johtajana on toiminut Paavali Jumppanen. Kiertueen esiintyj\u00e4kuntaan on kuulunut pianisteja Japanista, Etel\u00e4-Koreasta ja monista Euroopan maista. <\/p>\n\n\n\n<p class=\"wp-block-paragraph\">Konsertteja on j\u00e4rjestetty laajalti eri puolilla Suomen Lappia sek\u00e4 Ruotsissa, Norjassa ja Ven\u00e4j\u00e4ll\u00e4. Tapahtuman toimintaideaan on alusta alkaen kuulunut pyrkimys esitell\u00e4 uusia esiintyji\u00e4 pohjoisen konserttiel\u00e4m\u00e4ss\u00e4 ja samalla tarjota uransa alussa oleville pianisteille arvokasta esiintymiskokemusta ja tuntumaa kiertue-el\u00e4m\u00e4\u00e4n. Tapahtuman j\u00e4rjest\u00e4\u00e4 V\u00e4yl\u00e4festivaali ry yhteisty\u00f6ss\u00e4 paikallisten j\u00e4rjest\u00e4jien kanssa.<\/p>\n\n\n\n<hr class=\"wp-block-separator has-alpha-channel-opacity\"\/>\n\n\n\n<figure class=\"wp-block-image size-large\"><img loading=\"lazy\" decoding=\"async\" width=\"1024\" height=\"269\" src=\"https:\/\/vaylafestival.com\/fi\/wp-content\/uploads\/2026\/08\/Tukijat_taustassa-1024x269.png\" alt=\"\" class=\"wp-image-4101\" srcset=\"https:\/\/vaylafestival.com\/fi\/wp-content\/uploads\/2026\/08\/Tukijat_taustassa-1024x269.png 1024w, https:\/\/vaylafestival.com\/fi\/wp-content\/uploads\/2026\/08\/Tukijat_taustassa-300x79.png 300w, https:\/\/vaylafestival.com\/fi\/wp-content\/uploads\/2026\/08\/Tukijat_taustassa-768x202.png 768w, https:\/\/vaylafestival.com\/fi\/wp-content\/uploads\/2026\/08\/Tukijat_taustassa-1536x403.png 1536w, https:\/\/vaylafestival.com\/fi\/wp-content\/uploads\/2026\/08\/Tukijat_taustassa-2048x538.png 2048w\" sizes=\"auto, (max-width: 1024px) 100vw, 1024px\" \/><\/figure>\n\n\n\n<p class=\"wp-block-paragraph\">Joukko paikallisia yrityksi\u00e4, yhdistyksi\u00e4, yksityishenkil\u00f6it\u00e4 sek\u00e4 Muonion kunta on mukana tukemassa Pianistit Tunturissa -tapahtumaa. L\u00e4mmin kiitos yhteisty\u00f6st\u00e4 ja tapahtuman mahdollistamisesta!<\/p>\n\n\n\n<hr class=\"wp-block-separator has-alpha-channel-opacity\"\/>\n\n\n\n<p class=\"wp-block-paragraph\"><em>Kellonajat maiden paikallista aikaa. Oikeudet muutoksiin pid\u00e4tet\u00e4\u00e4n.<\/em><\/p>\n","protected":false},"excerpt":{"rendered":"<p>Pianistit Tunturissa 30-vuotisjuhlakiertue tuo nuoret huippupianistit Lappiin ruskaviikolla! Perinteikk\u00e4\u00e4n pianotapahtuman konsertit j\u00e4rjestet\u00e4\u00e4n 13.\u201320.9.2026 Saarisel\u00e4ll\u00e4, Sodankyl\u00e4ss\u00e4, Pajalassa, Pellossa, Muonion K\u00e4tk\u00e4suvannossa ja \u00c4k\u00e4slompolossa. Esiintyjin\u00e4 kuullaan Lapissa debytoivia&#8230;<\/p>\n","protected":false},"author":1,"featured_media":0,"parent":0,"menu_order":0,"comment_status":"closed","ping_status":"closed","template":"","meta":{"footnotes":""},"class_list":["post-4097","page","type-page","status-publish","hentry"],"_links":{"self":[{"href":"https:\/\/vaylafestival.com\/fi\/wp-json\/wp\/v2\/pages\/4097","targetHints":{"allow":["GET"]}}],"collection":[{"href":"https:\/\/vaylafestival.com\/fi\/wp-json\/wp\/v2\/pages"}],"about":[{"href":"https:\/\/vaylafestival.com\/fi\/wp-json\/wp\/v2\/types\/page"}],"author":[{"embeddable":true,"href":"https:\/\/vaylafestival.com\/fi\/wp-json\/wp\/v2\/users\/1"}],"replies":[{"embeddable":true,"href":"https:\/\/vaylafestival.com\/fi\/wp-json\/wp\/v2\/comments?post=4097"}],"version-history":[{"count":31,"href":"https:\/\/vaylafestival.com\/fi\/wp-json\/wp\/v2\/pages\/4097\/revisions"}],"predecessor-version":[{"id":4217,"href":"https:\/\/vaylafestival.com\/fi\/wp-json\/wp\/v2\/pages\/4097\/revisions\/4217"}],"wp:attachment":[{"href":"https:\/\/vaylafestival.com\/fi\/wp-json\/wp\/v2\/media?parent=4097"}],"curies":[{"name":"wp","href":"https:\/\/api.w.org\/{rel}","templated":true}]}}