{"id":4167,"date":"2026-08-30T12:39:24","date_gmt":"2026-08-30T09:39:24","guid":{"rendered":"https:\/\/vaylafestival.com\/fi\/?page_id=4167"},"modified":"2026-08-30T12:51:36","modified_gmt":"2026-08-30T09:51:36","slug":"inara-duo","status":"publish","type":"page","link":"https:\/\/vaylafestival.com\/fi\/inara-duo\/","title":{"rendered":"Inara Duo"},"content":{"rendered":"\n<figure class=\"wp-block-image size-full\"><img loading=\"lazy\" decoding=\"async\" width=\"800\" height=\"800\" src=\"https:\/\/vaylafestival.com\/fi\/wp-content\/uploads\/2026\/08\/2-1.png\" alt=\"\" class=\"wp-image-4154\" srcset=\"https:\/\/vaylafestival.com\/fi\/wp-content\/uploads\/2026\/08\/2-1.png 800w, https:\/\/vaylafestival.com\/fi\/wp-content\/uploads\/2026\/08\/2-1-300x300.png 300w, https:\/\/vaylafestival.com\/fi\/wp-content\/uploads\/2026\/08\/2-1-150x150.png 150w, https:\/\/vaylafestival.com\/fi\/wp-content\/uploads\/2026\/08\/2-1-768x768.png 768w\" sizes=\"auto, (max-width: 800px) 100vw, 800px\" \/><\/figure>\n\n\n\n<p class=\"wp-block-paragraph\"><strong>Inara Duo<\/strong>\u00a0on maailmalla kovassa nousukiidossa oleva slovenialainen pianoduo.\u00a0<strong>Ina Krajnc<\/strong>\u00a0ja\u00a0<strong>Klara Lu\u017enik<\/strong> kohtasivat toisensa Mariborin musiikki- ja balettiakatemiassa ja suuntasivat sielt\u00e4 yhdess\u00e4 opiskelemaan Grazin musiikkikorkeakouluun Till Fellnerin sek\u00e4 Zuzana Niederhoferin luokille. Duona he ovat opiskelleet Gil Garburgin johdolla ja my\u00f6s saavuttaneet huomattavaa kilpailumenestyst\u00e4 voittaen kaikkien sarjojen ensipalkinnon Slovenian nuorten muusikoiden Temsig-kilpailussa sek\u00e4 ensipalkinnot Rooman, Grazin ja Cagliarian duokilpailuissa. Suomeen heid\u00e4n tiens\u00e4 johti t\u00e4m\u00e4n vuoden kev\u00e4\u00e4ll\u00e4, jolloin he saavuttivat korkeimman pianoduojen palkinnon\u00a0kansainv\u00e4lisess\u00e4 Ilmari Hannikaisen pianokamarimusiikkikilpailussa Jyv\u00e4skyl\u00e4ss\u00e4. Duo h\u00e4ik\u00e4isi kansainv\u00e4lisen tuomariston virtuoosisilla esityksill\u00e4\u00e4n sek\u00e4 soittamalla koko kilpailuohjelmiston ulkomuistista. Inara Duo valittiin arvostetun pariisilaisen Piano-Piano-akatemian pieneen opiskelijajoukkoon vuosille 2025\u20132026. Pianistit Tunturissa -kiertue on Inara Duon konserttidebyytti Suomessa.<\/p>\n\n\n\n<p class=\"wp-block-paragraph\"><\/p>\n","protected":false},"excerpt":{"rendered":"<p>Inara Duo\u00a0on maailmalla kovassa nousukiidossa oleva slovenialainen pianoduo.\u00a0Ina Krajnc\u00a0ja\u00a0Klara Lu\u017enik kohtasivat toisensa Mariborin musiikki- ja balettiakatemiassa ja suuntasivat sielt\u00e4 yhdess\u00e4 opiskelemaan Grazin musiikkikorkeakouluun Till Fellnerin&#8230;<\/p>\n","protected":false},"author":1,"featured_media":0,"parent":0,"menu_order":0,"comment_status":"closed","ping_status":"closed","template":"","meta":{"footnotes":""},"class_list":["post-4167","page","type-page","status-publish","hentry"],"_links":{"self":[{"href":"https:\/\/vaylafestival.com\/fi\/wp-json\/wp\/v2\/pages\/4167","targetHints":{"allow":["GET"]}}],"collection":[{"href":"https:\/\/vaylafestival.com\/fi\/wp-json\/wp\/v2\/pages"}],"about":[{"href":"https:\/\/vaylafestival.com\/fi\/wp-json\/wp\/v2\/types\/page"}],"author":[{"embeddable":true,"href":"https:\/\/vaylafestival.com\/fi\/wp-json\/wp\/v2\/users\/1"}],"replies":[{"embeddable":true,"href":"https:\/\/vaylafestival.com\/fi\/wp-json\/wp\/v2\/comments?post=4167"}],"version-history":[{"count":3,"href":"https:\/\/vaylafestival.com\/fi\/wp-json\/wp\/v2\/pages\/4167\/revisions"}],"predecessor-version":[{"id":4183,"href":"https:\/\/vaylafestival.com\/fi\/wp-json\/wp\/v2\/pages\/4167\/revisions\/4183"}],"wp:attachment":[{"href":"https:\/\/vaylafestival.com\/fi\/wp-json\/wp\/v2\/media?parent=4167"}],"curies":[{"name":"wp","href":"https:\/\/api.w.org\/{rel}","templated":true}]}}